{"id":310,"date":"2016-07-01T13:40:00","date_gmt":"2016-07-01T12:40:00","guid":{"rendered":"http:\/\/poliklinika-blazenka-nekic.hr\/hr\/?page_id=310"},"modified":"2016-07-01T13:48:45","modified_gmt":"2016-07-01T12:48:45","slug":"targetirana-radiofrekvencijska-terapija","status":"publish","type":"page","link":"http:\/\/poliklinika-blazenka-nekic.hr\/hr\/targetirana-radiofrekvencijska-terapija\/","title":{"rendered":"Targetirana radiofrekvencijska terapija"},"content":{"rendered":"<p style=\"text-align: center;\"><iframe loading=\"lazy\" src=\"https:\/\/www.youtube.com\/embed\/XaVetfBMeSQ\" width=\"560\" height=\"315\" frameborder=\"0\" allowfullscreen=\"allowfullscreen\"><\/iframe><\/p>\n<p style=\"text-align: justify;\">Ciljana ili targetirana radiofrekvencija (TRT) nova je tehnologija u podru\u010dju fizikalne i rehabilitacijske medicine koja se primjenjuje za lije\u010denje bolesti, ozljeda i o\u0161te\u0107enja kralje\u017enice, zglobova, mi\u0161ica i tetiva. TRT upotrebljava izmjeni\u010dne struje visokih frekvencija pri \u010demu se stvara elektromagnetska energija, a u bolesnom dijelu tijela razvija se toplina koja smanjuje bolove i otekline, poti\u010de cijeljenje i regeneraciju tkiva te opu\u0161ta mi\u0161i\u0107e.<\/p>\n<p style=\"text-align: center;\"><strong>Od \u010dega se sastoji terapija <\/strong><\/p>\n<hr \/>\n<p style=\"text-align: justify;\">\n<p style=\"text-align: justify;\">Ovisno o primjeni i potrebama svakog pojedinog pacijenta postoji vi\u0161e mogu\u0107nosti primjene terapije. U terapiji se koristi frekvencija od 500 KHz koja odre\u0111uje optimalnu dubinu prodiranja energije u tkivo, a elektrode razli\u010dite vrste ciljano djeluju na odre\u0111enu vrstu tkiva:<\/p>\n<ul>\n<li><strong>KAPACITIVNA<\/strong> elektroda se koristi za bolesti i o\u0161te\u0107enja mi\u0161i\u0107a<\/li>\n<li><strong>REZISTIVNA<\/strong> elektroda se koristi kod bolesti i o\u0161te\u0107enja mekih tkiva: tetiva, zglobova, hrskavica i kosti.<\/li>\n<\/ul>\n<p>Terapija se mo\u017ee primjenjivati:<\/p>\n<ul>\n<li><strong>STATI\u010cKI<\/strong> (stati\u010dka primjena) \u2014 aplikator terapije se zadr\u017eava na bolnoj to\u010dki tijela<\/li>\n<li style=\"text-align: justify;\"><strong>DINAMI\u010cKI<\/strong> (dinami\u010dka primjena) terapeut jednom rukom neprestano pomi\u010de aplikator terapije po tretiranom podru\u010dju i na taj na\u010din sezahvati ve\u0107i dio tijela, a istodobno terapeut drugom rukom mo\u017ee provoditi ru\u010dnu masa\u017eu ili vje\u017ebe za bolni dio tijela. Tijekom provo\u0111enja terapije bolesnik provodi vje\u017ebe samostalno ili uz pomo\u0107 terapeuta.<\/li>\n<\/ul>\n<p style=\"text-align: center;\"><img loading=\"lazy\" decoding=\"async\" class=\"alignnone size-thumbnail wp-image-319\" src=\"http:\/\/poliklinika-blazenka-nekic.hr\/hr\/wp-content\/uploads\/2016\/07\/BTL-6000_TR-Therapy_PIC_application_Impingement_syndrome-150x150.jpg\" alt=\"BTL, BTL\" width=\"150\" height=\"150\" srcset=\"http:\/\/poliklinika-blazenka-nekic.hr\/hr\/wp-content\/uploads\/2016\/07\/BTL-6000_TR-Therapy_PIC_application_Impingement_syndrome-150x150.jpg 150w, http:\/\/poliklinika-blazenka-nekic.hr\/hr\/wp-content\/uploads\/2016\/07\/BTL-6000_TR-Therapy_PIC_application_Impingement_syndrome-203x203.jpg 203w, http:\/\/poliklinika-blazenka-nekic.hr\/hr\/wp-content\/uploads\/2016\/07\/BTL-6000_TR-Therapy_PIC_application_Impingement_syndrome-60x60.jpg 60w, http:\/\/poliklinika-blazenka-nekic.hr\/hr\/wp-content\/uploads\/2016\/07\/BTL-6000_TR-Therapy_PIC_application_Impingement_syndrome-147x147.jpg 147w, http:\/\/poliklinika-blazenka-nekic.hr\/hr\/wp-content\/uploads\/2016\/07\/BTL-6000_TR-Therapy_PIC_application_Impingement_syndrome-184x184.jpg 184w\" sizes=\"auto, (max-width: 150px) 100vw, 150px\" \/>\u00a0<img loading=\"lazy\" decoding=\"async\" class=\"alignnone size-thumbnail wp-image-320\" src=\"http:\/\/poliklinika-blazenka-nekic.hr\/hr\/wp-content\/uploads\/2016\/07\/BTL-6000_TR-Therapy_PIC_application_massage_technique-150x150.jpg\" alt=\"BTL, BTL\" width=\"150\" height=\"150\" srcset=\"http:\/\/poliklinika-blazenka-nekic.hr\/hr\/wp-content\/uploads\/2016\/07\/BTL-6000_TR-Therapy_PIC_application_massage_technique-150x150.jpg 150w, http:\/\/poliklinika-blazenka-nekic.hr\/hr\/wp-content\/uploads\/2016\/07\/BTL-6000_TR-Therapy_PIC_application_massage_technique-203x203.jpg 203w, http:\/\/poliklinika-blazenka-nekic.hr\/hr\/wp-content\/uploads\/2016\/07\/BTL-6000_TR-Therapy_PIC_application_massage_technique-60x60.jpg 60w, http:\/\/poliklinika-blazenka-nekic.hr\/hr\/wp-content\/uploads\/2016\/07\/BTL-6000_TR-Therapy_PIC_application_massage_technique-147x147.jpg 147w, http:\/\/poliklinika-blazenka-nekic.hr\/hr\/wp-content\/uploads\/2016\/07\/BTL-6000_TR-Therapy_PIC_application_massage_technique-184x184.jpg 184w\" sizes=\"auto, (max-width: 150px) 100vw, 150px\" \/>\u00a0<img loading=\"lazy\" decoding=\"async\" class=\"alignnone size-thumbnail wp-image-321\" src=\"http:\/\/poliklinika-blazenka-nekic.hr\/hr\/wp-content\/uploads\/2016\/07\/BTL-6000_TR-Therapy_PIC_application_Metatarsalgia-150x150.jpg\" alt=\"BTL, BTL\" width=\"150\" height=\"150\" srcset=\"http:\/\/poliklinika-blazenka-nekic.hr\/hr\/wp-content\/uploads\/2016\/07\/BTL-6000_TR-Therapy_PIC_application_Metatarsalgia-150x150.jpg 150w, http:\/\/poliklinika-blazenka-nekic.hr\/hr\/wp-content\/uploads\/2016\/07\/BTL-6000_TR-Therapy_PIC_application_Metatarsalgia-203x203.jpg 203w, http:\/\/poliklinika-blazenka-nekic.hr\/hr\/wp-content\/uploads\/2016\/07\/BTL-6000_TR-Therapy_PIC_application_Metatarsalgia-60x60.jpg 60w, http:\/\/poliklinika-blazenka-nekic.hr\/hr\/wp-content\/uploads\/2016\/07\/BTL-6000_TR-Therapy_PIC_application_Metatarsalgia-147x147.jpg 147w, http:\/\/poliklinika-blazenka-nekic.hr\/hr\/wp-content\/uploads\/2016\/07\/BTL-6000_TR-Therapy_PIC_application_Metatarsalgia-184x184.jpg 184w\" sizes=\"auto, (max-width: 150px) 100vw, 150px\" \/><\/p>\n<p style=\"text-align: center;\"><strong>Prednosti TR terapije<\/strong><\/p>\n<hr \/>\n<p style=\"text-align: center;\"><a href='#' class='small-button smallsilver'>\u00a0Ciljano prodiranje u odre\u0111enu vrstu tkiva<\/a><\/p>\n<p style=\"text-align: center;\"><a href='#' class='small-button smallsilver'>Trenutno smanjenje bolova u tijeku same terapije te odsutnost bolova nekoliko tjedana i mjeseci nakon lije\u010denja<\/a><\/p>\n<p style=\"text-align: center;\"><a href='#' class='small-button smallsilver'>Masa\u017ea se mo\u017ee provoditi tijekom primjene terapije<\/a><\/p>\n<p style=\"text-align: center;\"><a href='#' class='small-button smallsilver'>Vje\u017ebe se provode uz pomo\u0107 terapeuta istovremeno s terapijom<\/a><\/p>\n<p style=\"text-align: center;\"><a href='#' class='small-button smallsilver'>Ciljana radiofrekvencija mo\u017ee se primjenjivati uz druge oblike fizikalne terapije<\/a><\/p>\n<p style=\"text-align: center;\"><a href='#' class='small-button smallsilver'>Du\u017eina lije\u010denja skra\u0107ena u odnosu na standardnu fizikalnu terapiju<\/a><\/p>\n<p style=\"text-align: center;\"><a href='#' class='small-button smallsilver'>Ciljana radiofrekvencija je terapija koja istovremeno lije\u010di i rehabilitira<\/a><\/p>\n<p>&nbsp;<\/p>\n<p>&nbsp;<\/p>\n<p style=\"text-align: center;\"><strong>Kako djeluje TRT<\/strong><\/p>\n<hr \/>\n<p>&nbsp;<\/p>\n<p>Vi\u0161estruki su u\u010dinci ciljane ili targetirane radiofrekvencije, \u0161to je \u010dini doista revolucionarnom tehnologijom u fizikalnoj medicini i rehabilitaciji. U\u010dinci su sljede\u0107i:<br \/>\n<strong>Analgetski.<\/strong> Bolovi se smanjuju trenutno i produ\u017eeno nakon zavr\u0161etka terapije.<br \/>\n<strong>Miorelaksiraju\u0107i.<\/strong> Opu\u0161ta se napetost bolnih mi\u0161i\u0107a.<br \/>\n<strong>Antiedematozno.<\/strong> Smanjuju se otekline na pojedinom dijetu tijela.<br \/>\n<strong>Drena\u017eno.<\/strong> Limfna drena\u017ea koja poti\u010de zacjeljivanje tkiva, pospje\u0161uje se regeneracija tkiva.<\/p>\n<p style=\"text-align: center;\"><strong>Kada se primjenjuje<\/strong><\/p>\n<hr \/>\n<p>&nbsp;<\/p>\n<p>&nbsp;<\/p>\n<p>TRT slu\u017ei za lije\u010denje i rehabilitaciju:<\/p>\n<ul>\n<li>bolova u vratu, ledima i kri\u017eima<\/li>\n<li>bolova u ramenima, laktima, \u0161akama<\/li>\n<li>bolova u kukovima, koljenima i stopalima<\/li>\n<li>bolova i pove\u0107ane napetosti mi\u0161i\u0107a leda, trupa, ruku i nogu<\/li>\n<li>ozljeda vratne, prsne i slabinske kralje\u017enice<\/li>\n<li>kod prometnih i drugih nezgoda<\/li>\n<li>ozljeda tetiva, mi\u0161i\u0107a, ligamenata, hrskavice i zglobova<\/li>\n<li>sportskih i ostalih ozljeda<\/li>\n<li>bolesti, ozljeda i o\u0161te\u0107enja mi\u0161i\u0107no-ko\u0161tanog sustava razli\u010ditog porijekla<\/li>\n<li>rehabilitaciju nakon prijeloma kosti, i\u0161\u010da\u0161enja i uganu\u0107a zgloba, o\u0161te\u0107enja tetiva i mi\u0161i\u0107a.<\/li>\n<\/ul>\n<p>Lije\u010denje se provodi naj\u010de\u0161\u0107e dva-tri puta tjedno, ukupno je potrebno otprilike \u0161est-osam terapija.<\/p>\n","protected":false},"excerpt":{"rendered":"<p>Ciljana ili targetirana radiofrekvencija (TRT) nova je tehnologija u podru\u010dju fizikalne i rehabilitacijske medicine koja se primjenjuje za lije\u010denje bolesti, ozljeda i o\u0161te\u0107enja kralje\u017enice, zglobova, mi\u0161ica i tetiva. TRT upotrebljava izmjeni\u010dne struje visokih frekvencija pri \u010demu se stvara elektromagnetska energija, a u bolesnom dijelu tijela razvija se toplina koja smanjuje bolove i otekline, poti\u010de cijeljenje [&hellip;]<\/p>\n","protected":false},"author":1,"featured_media":0,"parent":0,"menu_order":0,"comment_status":"closed","ping_status":"open","template":"","meta":{"footnotes":""},"class_list":["post-310","page","type-page","status-publish","hentry"],"_links":{"self":[{"href":"http:\/\/poliklinika-blazenka-nekic.hr\/hr\/wp-json\/wp\/v2\/pages\/310","targetHints":{"allow":["GET"]}}],"collection":[{"href":"http:\/\/poliklinika-blazenka-nekic.hr\/hr\/wp-json\/wp\/v2\/pages"}],"about":[{"href":"http:\/\/poliklinika-blazenka-nekic.hr\/hr\/wp-json\/wp\/v2\/types\/page"}],"author":[{"embeddable":true,"href":"http:\/\/poliklinika-blazenka-nekic.hr\/hr\/wp-json\/wp\/v2\/users\/1"}],"replies":[{"embeddable":true,"href":"http:\/\/poliklinika-blazenka-nekic.hr\/hr\/wp-json\/wp\/v2\/comments?post=310"}],"version-history":[{"count":12,"href":"http:\/\/poliklinika-blazenka-nekic.hr\/hr\/wp-json\/wp\/v2\/pages\/310\/revisions"}],"predecessor-version":[{"id":327,"href":"http:\/\/poliklinika-blazenka-nekic.hr\/hr\/wp-json\/wp\/v2\/pages\/310\/revisions\/327"}],"wp:attachment":[{"href":"http:\/\/poliklinika-blazenka-nekic.hr\/hr\/wp-json\/wp\/v2\/media?parent=310"}],"curies":[{"name":"wp","href":"https:\/\/api.w.org\/{rel}","templated":true}]}}