{"id":20,"date":"2013-10-09T18:44:50","date_gmt":"2013-10-09T17:44:50","guid":{"rendered":"http:\/\/poliklinika-blazenka-nekic.hr\/hr\/?page_id=20"},"modified":"2021-01-06T12:23:07","modified_gmt":"2021-01-06T11:23:07","slug":"dr-blazenka-nekic","status":"publish","type":"page","link":"http:\/\/poliklinika-blazenka-nekic.hr\/hr\/poliklinika\/dr-blazenka-nekic\/","title":{"rendered":"Dr. Bla\u017eenka Neki\u0107"},"content":{"rendered":"<p style=\"text-align: justify;\"><img loading=\"lazy\" decoding=\"async\" class=\"alignleft wp-image-120 size-medium\" src=\"http:\/\/poliklinika-blazenka-nekic.hr\/hr\/wp-content\/uploads\/2013\/10\/dr-nekic-199x300.jpg\" alt=\"dr-nekic\" width=\"199\" height=\"300\" srcset=\"http:\/\/poliklinika-blazenka-nekic.hr\/hr\/wp-content\/uploads\/2013\/10\/dr-nekic-199x300.jpg 199w, http:\/\/poliklinika-blazenka-nekic.hr\/hr\/wp-content\/uploads\/2013\/10\/dr-nekic.jpg 250w\" sizes=\"auto, (max-width: 199px) 100vw, 199px\" \/>EDUKACIJE :<\/p>\n<p><strong>1981 .g. Diplomirala na Medicinskom fakultetu u Zagrebu .<\/strong><br \/>\n<strong>1992. g.polo\u017een specijalisti\u010dki ispit iz fizikalne medicine i rehabilitacije<\/strong><br \/>\nPostdiplomski studij iz alergologije i imunologije<br \/>\nEdukacija za akupunkturu<br \/>\nEdukacija za sportsku medicinu \u2013 I i II stupanj<br \/>\nEdukacija o lije\u010denju rezonantnom magnetoterapijom u medicini I. i II. Stupanj<br \/>\nMc Kenzieva dijagnostika i lije\u010denje kralje\u0161nice ( vratni, prsni i slabinski dio)<br \/>\nManualna dijagnostika i lije\u010denje po Kalterbornu<br \/>\nManualna dijagnostika i lije\u010denje kralje\u0161nice i zglobova &#8211; dr. Dunji Barak Sme\u0161ni I i II stupanj<br \/>\nVje\u017ebe postizometri\u010dke relaksacije PIR<br \/>\nMeditaping u lije\u010denju mi\u0161i\u0107no-ko\u0161tanih bolesti<br \/>\nEdukacija za interaktivnu neurostimulaciju<br \/>\nEdukacija za dijagnostiku i primjenu ortopedskih ulo\u017eaka<br \/>\nDinami\u010dka neuromuskularna stimulacija po Pra\u0161koj \u0161koli rehabilitacije<br \/>\nLicencirani edukator za fizikalnu terapiju visoke tehnologije \u2013 udarni val i laser visokog intenziteta<br \/>\nStalni sudski vje\u0161tak za fizikalnu medicinu i rehabilitaciju<\/p>\n<p><img loading=\"lazy\" decoding=\"async\" class=\"alignnone wp-image-355 size-medium\" src=\"http:\/\/poliklinika-blazenka-nekic.hr\/hr\/wp-content\/uploads\/2013\/10\/najdoktori-2020-300x78.png\" alt=\"\" width=\"300\" height=\"78\" srcset=\"http:\/\/poliklinika-blazenka-nekic.hr\/hr\/wp-content\/uploads\/2013\/10\/najdoktori-2020-300x78.png 300w, http:\/\/poliklinika-blazenka-nekic.hr\/hr\/wp-content\/uploads\/2013\/10\/najdoktori-2020.png 400w\" sizes=\"auto, (max-width: 300px) 100vw, 300px\" \/><\/p>\n<p><!--more--><\/p>\n<p><strong>Dr. med. Bla\u017eenka Neki\u0107<\/strong>, specijalist za fizikalnu medicinu i rehabilitaciju<\/p>\n<p>1981. g. diplomirala na Medicinskom fakultetu u Zagrebu.<\/p>\n<p>1981. &#8211; 1984. g. rad u Domu zdravlja Na\u0161ice.<\/p>\n<p>1984 .- 1985. g. rad u Bolnici za plu\u0107ne bolesti u Novom Marofu.<\/p>\n<p>1985. &#8211; 1986. g. rad na Zavodu za imunologiju Hrvatske akademije znanosti i umjetnosti<\/p>\n<p>1986. &#8211; 1994. g. rad na poslovima vje\u0161ta\u010denja Hrvatskog zavoda za zdravstveno osiguranje.<\/p>\n<p>1994. g. otvorena privatna ordinacija za fizikalnu medicinu i rehabilitaciju\u00a0Dr. med. Bla\u017eenka Neki\u0107<\/p>\n<p>2005.g. preimenovanje u <strong>Polikliniku za fizikalnu medicinu i rehabilitaciju\u00a0Dr. med. Bla\u017eenka Neki\u0107<br \/>\n<\/strong><\/p>\n<p>&nbsp;<\/p>\n<p>&nbsp;<\/p>\n<p>\u010clanstvo:<\/p>\n<ul>\n<li>Hrvatska lije\u010dni\u010dka komora<\/li>\n<li>Hrvatski lije\u010dni\u010dki zbor<\/li>\n<li>Hrvatsko dru\u0161tvo za fizikalnu i rehabilitacijsku medicinu<\/li>\n<li>Hrvatsko reumatolo\u0161ko dru\u0161tvo<\/li>\n<li>Hrvatsko vertebrolo\u0161ko dru\u0161tvo<\/li>\n<li>Hrvatska liga za borbu protiv reumatizma<\/li>\n<li>Hrvatsko dru\u0161tvo stalnih sudskih vje\u0161taka<\/li>\n<li>Redovito prati stru\u010dnu liteteraturu i sudjeluje na kongresima , seminarima , te\u010dajevima i<\/li>\n<li>predavanjima iz podru\u010dja fizikalne i rehabilitacijske medicine , reumatologije, ortopedije,<\/li>\n<li>traumatologije, neurologije i drugih podru\u010dja medicine.<\/li>\n<\/ul>\n<p style=\"text-align: center;\"><div class='et-box et-shadow'>\r\n\t\t\t\t\t<div class='et-box-content'>MEDICINA JE MOJ \u017dIVOT , A MOJ \u017dIVOT JE MEDICINA.<\/div><\/div><\/p>\n","protected":false},"excerpt":{"rendered":"<p>EDUKACIJE : 1981 .g. Diplomirala na Medicinskom fakultetu u Zagrebu . 1992. g.polo\u017een specijalisti\u010dki ispit iz fizikalne medicine i rehabilitacije Postdiplomski studij iz alergologije i imunologije Edukacija za akupunkturu Edukacija za sportsku medicinu \u2013 I i II stupanj Edukacija o lije\u010denju rezonantnom magnetoterapijom u medicini I. i II. Stupanj Mc Kenzieva dijagnostika i lije\u010denje kralje\u0161nice [&hellip;]<\/p>\n","protected":false},"author":1,"featured_media":0,"parent":7,"menu_order":0,"comment_status":"closed","ping_status":"open","template":"","meta":{"footnotes":""},"class_list":["post-20","page","type-page","status-publish","hentry"],"_links":{"self":[{"href":"http:\/\/poliklinika-blazenka-nekic.hr\/hr\/wp-json\/wp\/v2\/pages\/20","targetHints":{"allow":["GET"]}}],"collection":[{"href":"http:\/\/poliklinika-blazenka-nekic.hr\/hr\/wp-json\/wp\/v2\/pages"}],"about":[{"href":"http:\/\/poliklinika-blazenka-nekic.hr\/hr\/wp-json\/wp\/v2\/types\/page"}],"author":[{"embeddable":true,"href":"http:\/\/poliklinika-blazenka-nekic.hr\/hr\/wp-json\/wp\/v2\/users\/1"}],"replies":[{"embeddable":true,"href":"http:\/\/poliklinika-blazenka-nekic.hr\/hr\/wp-json\/wp\/v2\/comments?post=20"}],"version-history":[{"count":11,"href":"http:\/\/poliklinika-blazenka-nekic.hr\/hr\/wp-json\/wp\/v2\/pages\/20\/revisions"}],"predecessor-version":[{"id":356,"href":"http:\/\/poliklinika-blazenka-nekic.hr\/hr\/wp-json\/wp\/v2\/pages\/20\/revisions\/356"}],"up":[{"embeddable":true,"href":"http:\/\/poliklinika-blazenka-nekic.hr\/hr\/wp-json\/wp\/v2\/pages\/7"}],"wp:attachment":[{"href":"http:\/\/poliklinika-blazenka-nekic.hr\/hr\/wp-json\/wp\/v2\/media?parent=20"}],"curies":[{"name":"wp","href":"https:\/\/api.w.org\/{rel}","templated":true}]}}