{"id":13,"date":"2013-10-09T18:43:07","date_gmt":"2013-10-09T17:43:07","guid":{"rendered":"http:\/\/poliklinika-blazenka-nekic.hr\/hr\/?page_id=13"},"modified":"2025-09-01T11:27:10","modified_gmt":"2025-09-01T10:27:10","slug":"kontakt","status":"publish","type":"page","link":"http:\/\/poliklinika-blazenka-nekic.hr\/hr\/kontakt\/","title":{"rendered":"Kontakt"},"content":{"rendered":"<p><img loading=\"lazy\" decoding=\"async\" class=\"size-full wp-image-53 aligncenter\" src=\"http:\/\/poliklinika-blazenka-nekic.hr\/hr\/wp-content\/uploads\/2013\/10\/poliklinika-banner.jpg\" alt=\"poliklinika-banner\" width=\"492\" height=\"256\" srcset=\"http:\/\/poliklinika-blazenka-nekic.hr\/hr\/wp-content\/uploads\/2013\/10\/poliklinika-banner.jpg 492w, http:\/\/poliklinika-blazenka-nekic.hr\/hr\/wp-content\/uploads\/2013\/10\/poliklinika-banner-300x156.jpg 300w\" sizes=\"auto, (max-width: 492px) 100vw, 492px\" \/><\/p>\n<p style=\"text-align: center;\">Poliklinika za fizikalnu medicinu i rehabilitaciju dr. Bla\u017eenka Neki\u0107<\/p>\n<p style=\"text-align: center;\">Dalmatinska 3, Zagreb<\/p>\n<p style=\"text-align: center;\">OIB:\u00a008386217473<\/p>\n<p style=\"text-align: center;\"><div class='et-box et-shadow'>\r\n\t\t\t\t\t<div class='et-box-content'><p style=\"text-align: center;\"><span style=\"color: #ff0000;\"><strong>Obavijest o radnom vremenu Poliklinike<\/strong><\/span><\/p>\n<p style=\"text-align: center;\">Radno vrijeme je:<\/p>\n<p style=\"text-align: center;\"><strong>Ponedjeljak, srijeda, petak od 07:00 do 15:00<\/strong><\/p>\n<p style=\"text-align: center;\"><strong>Utorak i \u010detvrtak od 7:00 &#8211; 20:00<\/strong><\/p>\n<p style=\"text-align: center;\"><\/div><\/div><\/p>\n<p style=\"text-align: center;\"><a href=\"http:\/\/www.poliklinika-blazenka-nekic.hr\">www.poliklinika-blazenka-nekic.hr<\/a><\/p>\n<p style=\"text-align: center;\"><a href=\"mailto:poliklinika.nekic@gmail.com\" target=\"_blank\" rel=\"noopener\">poliklinika.nekic@gmail.com<\/a><\/p>\n<p style=\"text-align: center;\">Tel: 01.4848-080<\/p>\n<p style=\"text-align: justify;\">Ustanova je registrirana za obavljanje specijalisti\u010dko-konzilijarne zdravstvene za\u0161tite, dijagnostike i medicinske rehabilitacije iz djelatnosti fizikalne medicine i rehabilitacije.<\/p>\n<p style=\"text-align: justify;\">Prona\u0111ite nas na karti:<\/p>\n<p style=\"text-align: center;\"><iframe loading=\"lazy\" src=\"http:\/\/mapsengine.google.com\/map\/u\/0\/embed?mid=zlxLQDiHXsF4.kuRzmgRlez3Q\" width=\"640\" height=\"480\"><\/iframe><\/p>\n","protected":false},"excerpt":{"rendered":"<p>Poliklinika za fizikalnu medicinu i rehabilitaciju dr. Bla\u017eenka Neki\u0107 Dalmatinska 3, Zagreb OIB:\u00a008386217473 www.poliklinika-blazenka-nekic.hr poliklinika.nekic@gmail.com Tel: 01.4848-080 Ustanova je registrirana za obavljanje specijalisti\u010dko-konzilijarne zdravstvene za\u0161tite, dijagnostike i medicinske rehabilitacije iz djelatnosti fizikalne medicine i rehabilitacije. Prona\u0111ite nas na karti:<\/p>\n","protected":false},"author":1,"featured_media":0,"parent":0,"menu_order":0,"comment_status":"closed","ping_status":"open","template":"","meta":{"footnotes":""},"class_list":["post-13","page","type-page","status-publish","hentry"],"_links":{"self":[{"href":"http:\/\/poliklinika-blazenka-nekic.hr\/hr\/wp-json\/wp\/v2\/pages\/13","targetHints":{"allow":["GET"]}}],"collection":[{"href":"http:\/\/poliklinika-blazenka-nekic.hr\/hr\/wp-json\/wp\/v2\/pages"}],"about":[{"href":"http:\/\/poliklinika-blazenka-nekic.hr\/hr\/wp-json\/wp\/v2\/types\/page"}],"author":[{"embeddable":true,"href":"http:\/\/poliklinika-blazenka-nekic.hr\/hr\/wp-json\/wp\/v2\/users\/1"}],"replies":[{"embeddable":true,"href":"http:\/\/poliklinika-blazenka-nekic.hr\/hr\/wp-json\/wp\/v2\/comments?post=13"}],"version-history":[{"count":8,"href":"http:\/\/poliklinika-blazenka-nekic.hr\/hr\/wp-json\/wp\/v2\/pages\/13\/revisions"}],"predecessor-version":[{"id":362,"href":"http:\/\/poliklinika-blazenka-nekic.hr\/hr\/wp-json\/wp\/v2\/pages\/13\/revisions\/362"}],"wp:attachment":[{"href":"http:\/\/poliklinika-blazenka-nekic.hr\/hr\/wp-json\/wp\/v2\/media?parent=13"}],"curies":[{"name":"wp","href":"https:\/\/api.w.org\/{rel}","templated":true}]}}